{"id":60,"date":"2024-01-24T10:47:48","date_gmt":"2024-01-24T10:47:48","guid":{"rendered":"https:\/\/emv.upc.edu\/?page_id=60"},"modified":"2024-06-26T12:00:47","modified_gmt":"2024-06-26T12:00:47","slug":"4-resultats-i-difusio","status":"publish","type":"page","link":"https:\/\/emv.upc.edu\/index.php\/cat\/4-resultats-i-difusio\/","title":{"rendered":"4. Resultats i Difusi\u00f3"},"content":{"rendered":"\n<div class=\"wp-block-columns is-layout-flex wp-container-core-columns-is-layout-9d6595d7 wp-block-columns-is-layout-flex\">\n<div class=\"wp-block-column is-layout-flow wp-block-column-is-layout-flow\"><\/div>\n\n\n\n<div class=\"wp-block-column is-layout-flow wp-block-column-is-layout-flow\" style=\"flex-basis:40px\">\n<figure class=\"wp-block-image size-full is-resized\"><a href=\"https:\/\/emv.upc.edu\/index.php\/cat\/4-resultats-i-difusio\/\"><img loading=\"lazy\" decoding=\"async\" width=\"500\" height=\"332\" src=\"https:\/\/emv.upc.edu\/wp-content\/uploads\/2024\/06\/1200px-Flag_of_Catalonia.svg-500x500-2.png\" alt=\"\" class=\"wp-image-675\" style=\"width:47px;height:auto\" srcset=\"https:\/\/emv.upc.edu\/wp-content\/uploads\/2024\/06\/1200px-Flag_of_Catalonia.svg-500x500-2.png 500w, https:\/\/emv.upc.edu\/wp-content\/uploads\/2024\/06\/1200px-Flag_of_Catalonia.svg-500x500-2-300x199.png 300w, https:\/\/emv.upc.edu\/wp-content\/uploads\/2024\/06\/1200px-Flag_of_Catalonia.svg-500x500-2-285x190.png 285w\" sizes=\"auto, (max-width: 500px) 100vw, 500px\" \/><\/a><\/figure>\n<\/div>\n\n\n\n<div class=\"wp-block-column is-layout-flow wp-block-column-is-layout-flow\" style=\"flex-basis:40px\">\n<figure class=\"wp-block-image size-full is-resized\"><a href=\"https:\/\/emv.upc.edu\/index.php\/cast\/4-resultados-y-difusion\/\"><img loading=\"lazy\" decoding=\"async\" width=\"275\" height=\"183\" src=\"https:\/\/emv.upc.edu\/wp-content\/uploads\/2024\/06\/flag_of_Spain.png\" alt=\"\" class=\"wp-image-670\" style=\"width:47px;height:auto\"\/><\/a><\/figure>\n<\/div>\n\n\n\n<div class=\"wp-block-column is-layout-flow wp-block-column-is-layout-flow\" style=\"flex-basis:40px\">\n<figure class=\"wp-block-image size-large is-resized\"><a href=\"https:\/\/emv.upc.edu\/index.php\/en\/4-results-and-dissemination\/\"><img loading=\"lazy\" decoding=\"async\" width=\"1024\" height=\"614\" src=\"https:\/\/emv.upc.edu\/wp-content\/uploads\/2024\/06\/Flag_of_the_United_Kingdom_3-5.svg_-1024x614.png\" alt=\"\" class=\"wp-image-668\" style=\"width:50px;height:auto\" srcset=\"https:\/\/emv.upc.edu\/wp-content\/uploads\/2024\/06\/Flag_of_the_United_Kingdom_3-5.svg_-1024x614.png 1024w, https:\/\/emv.upc.edu\/wp-content\/uploads\/2024\/06\/Flag_of_the_United_Kingdom_3-5.svg_-300x180.png 300w, https:\/\/emv.upc.edu\/wp-content\/uploads\/2024\/06\/Flag_of_the_United_Kingdom_3-5.svg_-768x461.png 768w, https:\/\/emv.upc.edu\/wp-content\/uploads\/2024\/06\/Flag_of_the_United_Kingdom_3-5.svg_-1536x922.png 1536w, https:\/\/emv.upc.edu\/wp-content\/uploads\/2024\/06\/Flag_of_the_United_Kingdom_3-5.svg_-2048x1229.png 2048w\" sizes=\"auto, (max-width: 1024px) 100vw, 1024px\" \/><\/a><\/figure>\n<\/div>\n<\/div>\n\n\n\n<p class=\"has-text-align-right has-small-font-size\"><a href=\"https:\/\/emv.upc.edu\/\">Inici<\/a> I <a href=\"https:\/\/emv.upc.edu\/index.php\/cat\/presentacio\/\">Presentaci\u00f3<\/a> I <a href=\"https:\/\/emv.upc.edu\/index.php\/cat\/metodologia\/\">Metodologia<\/a> I <a href=\"https:\/\/emv.upc.edu\/index.php\/cat\/recursos\/\">Recursos<\/a> I <a href=\"https:\/\/emv.upc.edu\/index.php\/cat\/divulgacio\/\">Divulgaci\u00f3<\/a><\/p>\n\n\n\n<p class=\"has-large-font-size\" style=\"font-style:normal;font-weight:800\"><strong>4. Resultats i Difusi\u00f3<\/strong><\/p>\n\n\n\n<p>A partir dels resultats de les tasques desenvolupades, es tracta de concretar la proposta d&#8217;un nou model de treball per replicar les estrat\u00e8gies de ventilaci\u00f3 natural a la resta de centres educatius de la ciutat que sigui viable, i d&#8217;aportar les bases per qu\u00e8 les estrat\u00e8gies passives al voltant de la ventilaci\u00f3 natural com a soluci\u00f3 s&#8217;incorporen al futur Pla de Confort T\u00e8rmic, que el mateix Ajuntament de Barcelona t\u00e9 previst desenvolupar en el marc del Pla d&#8217;escoles Bressol. Es preveu tamb\u00e9 la creaci\u00f3 d&#8217;un espai\/repositori amb tota la informaci\u00f3 recopilada al llarg del projecte, amb dades, resultats i refer\u00e8ncies.<br>Aquesta tem\u00e0tica comportar\u00e0 les seg\u00fcents tasques:<\/p>\n\n\n\n<ul class=\"wp-block-list\">\n<li>Tasca 4.1 Definici\u00f3 d&#8217;un nou model implementaci\u00f3 d&#8217;estrat\u00e8gies de ventilaci\u00f3 natural als centres.<\/li>\n\n\n\n<li>Tasca 4.2 Bases per a la incorporaci\u00f3 de les estrat\u00e8gies passives de ventilaci\u00f3 al Pla de Confort T\u00e8rmic.<\/li>\n\n\n\n<li>Tasca 4.3 Creaci\u00f3 de continguts docents sobre estrat\u00e8gies passives, bioclimatisme i efici\u00e8ncia energ\u00e8tica als centres educatius.<\/li>\n\n\n\n<li>Tasca 4.4 Creaci\u00f3 d&#8217;un espai web\/repositori de dades, experi\u00e8ncies i resultats.<\/li>\n<\/ul>\n\n\n\n<p><\/p>\n\n\n\n<div class=\"alignnormal\"><div id=\"metaslider-id-261\" style=\"width: 100%;\" class=\"ml-slider-3-108-0 metaslider metaslider-flex metaslider-261 ml-slider ms-theme-default nav-hidden\" role=\"region\" aria-label=\"Dispositivas 4. Resultats i difusi\u00f3\" data-height=\"300\" data-width=\"700\">\n    <div id=\"metaslider_container_261\">\n        <div id=\"metaslider_261\">\n            <ul class='slides'>\n                <li style=\"display: block; width: 100%;\" class=\"slide-262 ms-image \" aria-roledescription=\"slide\" data-date=\"2024-01-31 12:43:58\" data-filename=\"metodologia-4.1.png\" data-slide-type=\"image\"><img loading=\"lazy\" decoding=\"async\" src=\"https:\/\/emv.upc.edu\/wp-content\/uploads\/2024\/01\/metodologia-4.1.png\" height=\"300\" width=\"700\" alt=\"\" class=\"slider-261 slide-262 msDefaultImage\" title=\"metodologia-4.1\" \/><\/li>\n            <\/ul>\n        <\/div>\n        \n    <\/div>\n<\/div><\/div>\n","protected":false},"excerpt":{"rendered":"<p>Inici I Presentaci\u00f3 I Metodologia I Recursos I Divulgaci\u00f3 4. Resultats i Difusi\u00f3 A partir dels resultats de les tasques desenvolupades, es tracta de concretar la proposta d&#8217;un nou model de treball per replicar les estrat\u00e8gies de ventilaci\u00f3 natural a la resta de centres educatius de la ciutat que sigui viable, i d&#8217;aportar les bases<span class=\"post-excerpt-end\">&hellip;<\/span><\/p>\n<p class=\"more-link\"><a href=\"https:\/\/emv.upc.edu\/index.php\/cat\/4-resultats-i-difusio\/\" class=\"themebutton\">Read More<\/a><\/p>\n","protected":false},"author":2,"featured_media":0,"parent":403,"menu_order":0,"comment_status":"closed","ping_status":"closed","template":"","meta":{"footnotes":""},"class_list":["post-60","page","type-page","status-publish","hentry"],"yoast_head":"<!-- This site is optimized with the Yoast SEO plugin v22.9 - https:\/\/yoast.com\/wordpress\/plugins\/seo\/ -->\n<title>4. Resultats i Difusi\u00f3 -<\/title>\n<meta name=\"robots\" content=\"index, follow, max-snippet:-1, max-image-preview:large, max-video-preview:-1\" \/>\n<link rel=\"canonical\" href=\"https:\/\/emv.upc.edu\/index.php\/cat\/4-resultats-i-difusio\/\" \/>\n<meta property=\"og:locale\" content=\"en_US\" \/>\n<meta property=\"og:type\" content=\"article\" \/>\n<meta property=\"og:title\" content=\"4. Resultats i Difusi\u00f3 -\" \/>\n<meta property=\"og:description\" content=\"Inici I Presentaci\u00f3 I Metodologia I Recursos I Divulgaci\u00f3 4. Resultats i Difusi\u00f3 A partir dels resultats de les tasques desenvolupades, es tracta de concretar la proposta d&#8217;un nou model de treball per replicar les estrat\u00e8gies de ventilaci\u00f3 natural a la resta de centres educatius de la ciutat que sigui viable, i d&#8217;aportar les bases&hellip;Read More\" \/>\n<meta property=\"og:url\" content=\"https:\/\/emv.upc.edu\/index.php\/cat\/4-resultats-i-difusio\/\" \/>\n<meta property=\"article:modified_time\" content=\"2024-06-26T12:00:47+00:00\" \/>\n<meta property=\"og:image\" content=\"https:\/\/emv.upc.edu\/wp-content\/uploads\/2024\/06\/1200px-Flag_of_Catalonia.svg-500x500-2.png\" \/>\n<meta name=\"twitter:card\" content=\"summary_large_image\" \/>\n<meta name=\"twitter:label1\" content=\"Est. reading time\" \/>\n\t<meta name=\"twitter:data1\" content=\"2 minutes\" \/>\n<script type=\"application\/ld+json\" class=\"yoast-schema-graph\">{\"@context\":\"https:\/\/schema.org\",\"@graph\":[{\"@type\":\"WebPage\",\"@id\":\"https:\/\/emv.upc.edu\/index.php\/cat\/4-resultats-i-difusio\/\",\"url\":\"https:\/\/emv.upc.edu\/index.php\/cat\/4-resultats-i-difusio\/\",\"name\":\"4. Resultats i Difusi\u00f3 -\",\"isPartOf\":{\"@id\":\"https:\/\/emv.upc.edu\/#website\"},\"primaryImageOfPage\":{\"@id\":\"https:\/\/emv.upc.edu\/index.php\/cat\/4-resultats-i-difusio\/#primaryimage\"},\"image\":{\"@id\":\"https:\/\/emv.upc.edu\/index.php\/cat\/4-resultats-i-difusio\/#primaryimage\"},\"thumbnailUrl\":\"https:\/\/emv.upc.edu\/wp-content\/uploads\/2024\/06\/1200px-Flag_of_Catalonia.svg-500x500-2.png\",\"datePublished\":\"2024-01-24T10:47:48+00:00\",\"dateModified\":\"2024-06-26T12:00:47+00:00\",\"breadcrumb\":{\"@id\":\"https:\/\/emv.upc.edu\/index.php\/cat\/4-resultats-i-difusio\/#breadcrumb\"},\"inLanguage\":\"en-US\",\"potentialAction\":[{\"@type\":\"ReadAction\",\"target\":[\"https:\/\/emv.upc.edu\/index.php\/cat\/4-resultats-i-difusio\/\"]}]},{\"@type\":\"ImageObject\",\"inLanguage\":\"en-US\",\"@id\":\"https:\/\/emv.upc.edu\/index.php\/cat\/4-resultats-i-difusio\/#primaryimage\",\"url\":\"https:\/\/emv.upc.edu\/wp-content\/uploads\/2024\/06\/1200px-Flag_of_Catalonia.svg-500x500-2.png\",\"contentUrl\":\"https:\/\/emv.upc.edu\/wp-content\/uploads\/2024\/06\/1200px-Flag_of_Catalonia.svg-500x500-2.png\",\"width\":500,\"height\":332},{\"@type\":\"BreadcrumbList\",\"@id\":\"https:\/\/emv.upc.edu\/index.php\/cat\/4-resultats-i-difusio\/#breadcrumb\",\"itemListElement\":[{\"@type\":\"ListItem\",\"position\":1,\"name\":\"Portada\",\"item\":\"https:\/\/emv.upc.edu\/\"},{\"@type\":\"ListItem\",\"position\":2,\"name\":\"E + V &#8211; Escoles m\u00e9s ventilades\",\"item\":\"https:\/\/emv.upc.edu\/\"},{\"@type\":\"ListItem\",\"position\":3,\"name\":\"4. Resultats i Difusi\u00f3\"}]},{\"@type\":\"WebSite\",\"@id\":\"https:\/\/emv.upc.edu\/#website\",\"url\":\"https:\/\/emv.upc.edu\/\",\"name\":\"\",\"description\":\"\",\"potentialAction\":[{\"@type\":\"SearchAction\",\"target\":{\"@type\":\"EntryPoint\",\"urlTemplate\":\"https:\/\/emv.upc.edu\/?s={search_term_string}\"},\"query-input\":\"required name=search_term_string\"}],\"inLanguage\":\"en-US\"}]}<\/script>\n<!-- \/ Yoast SEO plugin. -->","yoast_head_json":{"title":"4. Resultats i Difusi\u00f3 -","robots":{"index":"index","follow":"follow","max-snippet":"max-snippet:-1","max-image-preview":"max-image-preview:large","max-video-preview":"max-video-preview:-1"},"canonical":"https:\/\/emv.upc.edu\/index.php\/cat\/4-resultats-i-difusio\/","og_locale":"en_US","og_type":"article","og_title":"4. Resultats i Difusi\u00f3 -","og_description":"Inici I Presentaci\u00f3 I Metodologia I Recursos I Divulgaci\u00f3 4. Resultats i Difusi\u00f3 A partir dels resultats de les tasques desenvolupades, es tracta de concretar la proposta d&#8217;un nou model de treball per replicar les estrat\u00e8gies de ventilaci\u00f3 natural a la resta de centres educatius de la ciutat que sigui viable, i d&#8217;aportar les bases&hellip;Read More","og_url":"https:\/\/emv.upc.edu\/index.php\/cat\/4-resultats-i-difusio\/","article_modified_time":"2024-06-26T12:00:47+00:00","og_image":[{"url":"https:\/\/emv.upc.edu\/wp-content\/uploads\/2024\/06\/1200px-Flag_of_Catalonia.svg-500x500-2.png"}],"twitter_card":"summary_large_image","twitter_misc":{"Est. reading time":"2 minutes"},"schema":{"@context":"https:\/\/schema.org","@graph":[{"@type":"WebPage","@id":"https:\/\/emv.upc.edu\/index.php\/cat\/4-resultats-i-difusio\/","url":"https:\/\/emv.upc.edu\/index.php\/cat\/4-resultats-i-difusio\/","name":"4. Resultats i Difusi\u00f3 -","isPartOf":{"@id":"https:\/\/emv.upc.edu\/#website"},"primaryImageOfPage":{"@id":"https:\/\/emv.upc.edu\/index.php\/cat\/4-resultats-i-difusio\/#primaryimage"},"image":{"@id":"https:\/\/emv.upc.edu\/index.php\/cat\/4-resultats-i-difusio\/#primaryimage"},"thumbnailUrl":"https:\/\/emv.upc.edu\/wp-content\/uploads\/2024\/06\/1200px-Flag_of_Catalonia.svg-500x500-2.png","datePublished":"2024-01-24T10:47:48+00:00","dateModified":"2024-06-26T12:00:47+00:00","breadcrumb":{"@id":"https:\/\/emv.upc.edu\/index.php\/cat\/4-resultats-i-difusio\/#breadcrumb"},"inLanguage":"en-US","potentialAction":[{"@type":"ReadAction","target":["https:\/\/emv.upc.edu\/index.php\/cat\/4-resultats-i-difusio\/"]}]},{"@type":"ImageObject","inLanguage":"en-US","@id":"https:\/\/emv.upc.edu\/index.php\/cat\/4-resultats-i-difusio\/#primaryimage","url":"https:\/\/emv.upc.edu\/wp-content\/uploads\/2024\/06\/1200px-Flag_of_Catalonia.svg-500x500-2.png","contentUrl":"https:\/\/emv.upc.edu\/wp-content\/uploads\/2024\/06\/1200px-Flag_of_Catalonia.svg-500x500-2.png","width":500,"height":332},{"@type":"BreadcrumbList","@id":"https:\/\/emv.upc.edu\/index.php\/cat\/4-resultats-i-difusio\/#breadcrumb","itemListElement":[{"@type":"ListItem","position":1,"name":"Portada","item":"https:\/\/emv.upc.edu\/"},{"@type":"ListItem","position":2,"name":"E + V &#8211; Escoles m\u00e9s ventilades","item":"https:\/\/emv.upc.edu\/"},{"@type":"ListItem","position":3,"name":"4. Resultats i Difusi\u00f3"}]},{"@type":"WebSite","@id":"https:\/\/emv.upc.edu\/#website","url":"https:\/\/emv.upc.edu\/","name":"","description":"","potentialAction":[{"@type":"SearchAction","target":{"@type":"EntryPoint","urlTemplate":"https:\/\/emv.upc.edu\/?s={search_term_string}"},"query-input":"required name=search_term_string"}],"inLanguage":"en-US"}]}},"_links":{"self":[{"href":"https:\/\/emv.upc.edu\/index.php\/wp-json\/wp\/v2\/pages\/60","targetHints":{"allow":["GET"]}}],"collection":[{"href":"https:\/\/emv.upc.edu\/index.php\/wp-json\/wp\/v2\/pages"}],"about":[{"href":"https:\/\/emv.upc.edu\/index.php\/wp-json\/wp\/v2\/types\/page"}],"author":[{"embeddable":true,"href":"https:\/\/emv.upc.edu\/index.php\/wp-json\/wp\/v2\/users\/2"}],"replies":[{"embeddable":true,"href":"https:\/\/emv.upc.edu\/index.php\/wp-json\/wp\/v2\/comments?post=60"}],"version-history":[{"count":11,"href":"https:\/\/emv.upc.edu\/index.php\/wp-json\/wp\/v2\/pages\/60\/revisions"}],"predecessor-version":[{"id":699,"href":"https:\/\/emv.upc.edu\/index.php\/wp-json\/wp\/v2\/pages\/60\/revisions\/699"}],"up":[{"embeddable":true,"href":"https:\/\/emv.upc.edu\/index.php\/wp-json\/wp\/v2\/pages\/403"}],"wp:attachment":[{"href":"https:\/\/emv.upc.edu\/index.php\/wp-json\/wp\/v2\/media?parent=60"}],"curies":[{"name":"wp","href":"https:\/\/api.w.org\/{rel}","templated":true}]}}