{"id":403,"date":"2024-06-14T09:20:03","date_gmt":"2024-06-14T09:20:03","guid":{"rendered":"https:\/\/emv.upc.edu\/?page_id=403"},"modified":"2026-02-06T13:10:58","modified_gmt":"2026-02-06T13:10:58","slug":"cat","status":"publish","type":"page","link":"https:\/\/emv.upc.edu\/","title":{"rendered":"E + V &#8211; Escoles m\u00e9s ventilades"},"content":{"rendered":"\n<p class=\"has-black-color has-text-color has-link-color has-x-large-font-size wp-elements-fdf5637592bdc967085ba04dfb74c62a\" style=\"font-style:normal;font-weight:800\"><strong>E + V  Escoles m\u00e9s ventilades<\/strong><\/p>\n\n\n\n<p class=\"has-text-color has-link-color has-large-font-size wp-elements-2dd912c01edace94422538ed88d406d9\" style=\"color:#848484;font-style:normal;font-weight:800\"><strong>Amb el suport de l&#8217;Ajuntament de Barcelona<\/strong><\/p>\n\n\n\n<div class=\"wp-block-columns is-layout-flex wp-container-core-columns-is-layout-9d6595d7 wp-block-columns-is-layout-flex\">\n<div class=\"wp-block-column is-layout-flow wp-block-column-is-layout-flow\"><\/div>\n\n\n\n<div class=\"wp-block-column is-layout-flow wp-block-column-is-layout-flow\" style=\"flex-basis:40px\">\n<figure class=\"wp-block-image size-full is-resized\"><a href=\"https:\/\/emv.upc.edu\/\"><img loading=\"lazy\" decoding=\"async\" width=\"500\" height=\"332\" src=\"https:\/\/emv.upc.edu\/wp-content\/uploads\/2024\/06\/1200px-Flag_of_Catalonia.svg-500x500-2.png\" alt=\"\" class=\"wp-image-675\" style=\"width:47px;height:auto\" srcset=\"https:\/\/emv.upc.edu\/wp-content\/uploads\/2024\/06\/1200px-Flag_of_Catalonia.svg-500x500-2.png 500w, https:\/\/emv.upc.edu\/wp-content\/uploads\/2024\/06\/1200px-Flag_of_Catalonia.svg-500x500-2-300x199.png 300w, https:\/\/emv.upc.edu\/wp-content\/uploads\/2024\/06\/1200px-Flag_of_Catalonia.svg-500x500-2-285x190.png 285w\" sizes=\"auto, (max-width: 500px) 100vw, 500px\" \/><\/a><\/figure>\n<\/div>\n\n\n\n<div class=\"wp-block-column is-layout-flow wp-block-column-is-layout-flow\" style=\"flex-basis:40px\">\n<figure class=\"wp-block-image size-full is-resized\"><a href=\"https:\/\/emv.upc.edu\/index.php\/cast\/\"><img loading=\"lazy\" decoding=\"async\" width=\"275\" height=\"183\" src=\"https:\/\/emv.upc.edu\/wp-content\/uploads\/2024\/06\/flag_of_Spain.png\" alt=\"\" class=\"wp-image-670\" style=\"width:47px;height:auto\"\/><\/a><\/figure>\n<\/div>\n\n\n\n<div class=\"wp-block-column is-layout-flow wp-block-column-is-layout-flow\" style=\"flex-basis:40px\">\n<figure class=\"wp-block-image size-large is-resized\"><a href=\"https:\/\/emv.upc.edu\/index.php\/eng\/\"><img loading=\"lazy\" decoding=\"async\" width=\"1024\" height=\"614\" src=\"https:\/\/emv.upc.edu\/wp-content\/uploads\/2024\/06\/Flag_of_the_United_Kingdom_3-5.svg_-1024x614.png\" alt=\"\" class=\"wp-image-668\" style=\"width:50px;height:auto\" srcset=\"https:\/\/emv.upc.edu\/wp-content\/uploads\/2024\/06\/Flag_of_the_United_Kingdom_3-5.svg_-1024x614.png 1024w, https:\/\/emv.upc.edu\/wp-content\/uploads\/2024\/06\/Flag_of_the_United_Kingdom_3-5.svg_-300x180.png 300w, https:\/\/emv.upc.edu\/wp-content\/uploads\/2024\/06\/Flag_of_the_United_Kingdom_3-5.svg_-768x461.png 768w, https:\/\/emv.upc.edu\/wp-content\/uploads\/2024\/06\/Flag_of_the_United_Kingdom_3-5.svg_-1536x922.png 1536w, https:\/\/emv.upc.edu\/wp-content\/uploads\/2024\/06\/Flag_of_the_United_Kingdom_3-5.svg_-2048x1229.png 2048w\" sizes=\"auto, (max-width: 1024px) 100vw, 1024px\" \/><\/a><\/figure>\n<\/div>\n<\/div>\n\n\n\n<div class=\"wp-block-group\"><div class=\"wp-block-group__inner-container is-layout-constrained wp-block-group-is-layout-constrained\">\n<div class=\"wp-block-group is-nowrap is-layout-flex wp-container-core-group-is-layout-ad2f72ca wp-block-group-is-layout-flex\">\n<figure class=\"wp-block-image size-full\"><img loading=\"lazy\" decoding=\"async\" width=\"390\" height=\"31\" src=\"https:\/\/emv.upc.edu\/wp-content\/uploads\/2026\/02\/image-3.png\" alt=\"\" class=\"wp-image-1245\" srcset=\"https:\/\/emv.upc.edu\/wp-content\/uploads\/2026\/02\/image-3.png 390w, https:\/\/emv.upc.edu\/wp-content\/uploads\/2026\/02\/image-3-300x24.png 300w, https:\/\/emv.upc.edu\/wp-content\/uploads\/2026\/02\/image-3-380x31.png 380w\" sizes=\"auto, (max-width: 390px) 100vw, 390px\" \/><\/figure>\n\n\n\n<figure class=\"wp-block-image size-full is-resized\"><a href=\"http:\/\/emv.upc.edu\"><img loading=\"lazy\" decoding=\"async\" width=\"742\" height=\"130\" src=\"https:\/\/emv.upc.edu\/wp-content\/uploads\/2026\/02\/PESTANA-1.png\" alt=\"\" class=\"wp-image-1229\" style=\"width:181px;height:auto\" srcset=\"https:\/\/emv.upc.edu\/wp-content\/uploads\/2026\/02\/PESTANA-1.png 742w, https:\/\/emv.upc.edu\/wp-content\/uploads\/2026\/02\/PESTANA-1-300x53.png 300w\" sizes=\"auto, (max-width: 742px) 100vw, 742px\" \/><\/a><\/figure>\n\n\n\n<figure class=\"wp-block-image size-full is-resized\"><a href=\"https:\/\/emv.upc.edu\/index.php\/cat\/presentacio\/\"><img loading=\"lazy\" decoding=\"async\" width=\"743\" height=\"131\" src=\"https:\/\/emv.upc.edu\/wp-content\/uploads\/2026\/02\/PESTANA-2.png\" alt=\"\" class=\"wp-image-1231\" style=\"width:181px;height:auto\" srcset=\"https:\/\/emv.upc.edu\/wp-content\/uploads\/2026\/02\/PESTANA-2.png 743w, https:\/\/emv.upc.edu\/wp-content\/uploads\/2026\/02\/PESTANA-2-300x53.png 300w\" sizes=\"auto, (max-width: 743px) 100vw, 743px\" \/><\/a><\/figure>\n\n\n\n<figure class=\"wp-block-image size-full is-resized\"><a href=\"https:\/\/emv.upc.edu\/index.php\/cat\/metodologia\/\"><img loading=\"lazy\" decoding=\"async\" width=\"1302\" height=\"231\" src=\"https:\/\/emv.upc.edu\/wp-content\/uploads\/2026\/02\/PESTANA-3.png\" alt=\"\" class=\"wp-image-1232\" style=\"width:181px;height:auto\" srcset=\"https:\/\/emv.upc.edu\/wp-content\/uploads\/2026\/02\/PESTANA-3.png 1302w, https:\/\/emv.upc.edu\/wp-content\/uploads\/2026\/02\/PESTANA-3-300x53.png 300w, https:\/\/emv.upc.edu\/wp-content\/uploads\/2026\/02\/PESTANA-3-1024x182.png 1024w, https:\/\/emv.upc.edu\/wp-content\/uploads\/2026\/02\/PESTANA-3-768x136.png 768w\" sizes=\"auto, (max-width: 1302px) 100vw, 1302px\" \/><\/a><\/figure>\n\n\n\n<figure class=\"wp-block-image size-full is-resized\"><a href=\"https:\/\/emv.upc.edu\/index.php\/cat\/recursos\/\"><img loading=\"lazy\" decoding=\"async\" width=\"1675\" height=\"235\" src=\"https:\/\/emv.upc.edu\/wp-content\/uploads\/2026\/02\/PESTANA-4.png\" alt=\"\" class=\"wp-image-1233\" style=\"aspect-ratio:7.1330049261083746;width:225px;height:auto\" srcset=\"https:\/\/emv.upc.edu\/wp-content\/uploads\/2026\/02\/PESTANA-4.png 1675w, https:\/\/emv.upc.edu\/wp-content\/uploads\/2026\/02\/PESTANA-4-300x42.png 300w, https:\/\/emv.upc.edu\/wp-content\/uploads\/2026\/02\/PESTANA-4-1024x144.png 1024w, https:\/\/emv.upc.edu\/wp-content\/uploads\/2026\/02\/PESTANA-4-768x108.png 768w, https:\/\/emv.upc.edu\/wp-content\/uploads\/2026\/02\/PESTANA-4-1536x215.png 1536w\" sizes=\"auto, (max-width: 1675px) 100vw, 1675px\" \/><\/a><\/figure>\n\n\n\n<figure class=\"wp-block-image size-full is-resized\"><a href=\"https:\/\/emv.upc.edu\/index.php\/cat\/divulgacio\/\"><img loading=\"lazy\" decoding=\"async\" width=\"1673\" height=\"228\" src=\"https:\/\/emv.upc.edu\/wp-content\/uploads\/2026\/02\/PESTANA-5-2.png\" alt=\"\" class=\"wp-image-1236\" style=\"aspect-ratio:7.340937896070976;width:225px;height:auto\" srcset=\"https:\/\/emv.upc.edu\/wp-content\/uploads\/2026\/02\/PESTANA-5-2.png 1673w, https:\/\/emv.upc.edu\/wp-content\/uploads\/2026\/02\/PESTANA-5-2-300x41.png 300w, https:\/\/emv.upc.edu\/wp-content\/uploads\/2026\/02\/PESTANA-5-2-1024x140.png 1024w, https:\/\/emv.upc.edu\/wp-content\/uploads\/2026\/02\/PESTANA-5-2-768x105.png 768w, https:\/\/emv.upc.edu\/wp-content\/uploads\/2026\/02\/PESTANA-5-2-1536x209.png 1536w\" sizes=\"auto, (max-width: 1673px) 100vw, 1673px\" \/><\/a><\/figure>\n<\/div>\n\n\n\n<figure class=\"wp-block-image size-full is-resized\"><img loading=\"lazy\" decoding=\"async\" width=\"758\" height=\"51\" src=\"https:\/\/emv.upc.edu\/wp-content\/uploads\/2026\/02\/image.png\" alt=\"\" class=\"wp-image-1237\" style=\"aspect-ratio:14.867397806580259;width:297px;height:auto\" srcset=\"https:\/\/emv.upc.edu\/wp-content\/uploads\/2026\/02\/image.png 758w, https:\/\/emv.upc.edu\/wp-content\/uploads\/2026\/02\/image-300x20.png 300w\" sizes=\"auto, (max-width: 758px) 100vw, 758px\" \/><\/figure>\n<\/div><\/div>\n\n\n\n<p class=\"has-text-align-right has-small-font-size\"><\/p>\n\n\n\n<figure class=\"wp-block-embed is-type-video is-provider-youtube wp-block-embed-youtube wp-embed-aspect-16-9 wp-has-aspect-ratio\"><div class=\"wp-block-embed__wrapper\">\n<iframe loading=\"lazy\" title=\"Presentaci\u00f3 projecte E+V (Escoles+Ventilades)\" width=\"1170\" height=\"658\" src=\"https:\/\/www.youtube.com\/embed\/3d4k8QS7Y2E?feature=oembed\" frameborder=\"0\" allow=\"accelerometer; autoplay; clipboard-write; encrypted-media; gyroscope; picture-in-picture; web-share\" referrerpolicy=\"strict-origin-when-cross-origin\" allowfullscreen><\/iframe>\n<\/div><\/figure>\n\n\n\n<div class=\"wp-block-columns is-layout-flex wp-container-core-columns-is-layout-9d6595d7 wp-block-columns-is-layout-flex\">\n<div class=\"wp-block-column is-layout-flow wp-block-column-is-layout-flow\">\n<figure class=\"wp-block-image\"><img decoding=\"async\" src=\"https:\/\/emv.upc.edu\/wp-content\/uploads\/2024\/01\/logo-fase-1.png\" alt=\"1. Aprendre, compendre i millora\" \/><\/figure>\n\n\n\n<h3 class=\"wp-block-heading\">1. Aprendre, compendre i millora<\/h3>\n\n\n\n<p>Aprendre de les experi\u00e8ncies ja realitzades per l&#8217;equip que desenvolupa E+V amb el suport del CEB en escoles p\u00fabliques de la ciutat, analitzant detalladament els encerts i errors de cara a poder extrapolar-les amb \u00e8xit.<\/p>\n\n\n\n<p><a href=\"https:\/\/emv.upc.edu\/index.php\/1-aprendre-comprendre-i-millora\/\">Llegir n&#8217;he m\u00e9s &gt;<\/a><\/p>\n<\/div>\n\n\n\n<div class=\"wp-block-column is-layout-flow wp-block-column-is-layout-flow\">\n<figure class=\"wp-block-image\"><a href=\"https:\/\/emv.upc.edu\/index.php\/2-compartir-co-crear-investigar\/\"><img decoding=\"async\" src=\"https:\/\/emv.upc.edu\/wp-content\/uploads\/2024\/01\/logo-fase-2.png\" alt=\"2. Compartir, Co-crear, Investigar:\"\/><\/a><\/figure>\n\n\n\n<h3 class=\"wp-block-heading\">2. Compartir, Co-crear, Investigar:<\/h3>\n\n\n\n<p>Tallers de participaci\u00f3 i co-creaci\u00f3 amb les comunitats educatives i de forma paral\u00b7lela es treballa en la investigaci\u00f3 d&#8217;aspectes relacionats amb la consideraci\u00f3 dels impactes sobre la salut i els condicionats que determinen l&#8217;\u00fas d&#8217;estrat\u00e8gies passives als edificis.<\/p>\n\n\n\n<p><a href=\"https:\/\/emv.upc.edu\/index.php\/2-compartir-co-crear-investigar\/\">Llegir n&#8217;he m\u00e9s &gt;<\/a><\/p>\n<\/div>\n\n\n\n<div class=\"wp-block-column is-layout-flow wp-block-column-is-layout-flow\">\n<figure class=\"wp-block-image\"><a href=\"https:\/\/emv.upc.edu\/index.php\/3-testar-i-validar\/\"><img decoding=\"async\" src=\"https:\/\/emv.upc.edu\/wp-content\/uploads\/2024\/01\/logo-fase-3.png\" alt=\"3. Testar i validar\"\/><\/a><\/figure>\n\n\n\n<h3 class=\"wp-block-heading\">3. Testar i validar<\/h3>\n\n\n\n<p>Es tracta de validar el nou model proposat que s&#8217;aplica tant a escoles amb precedents de proves pilot i actuacions, com a nous centres identificats pr\u00e8viament com a potencialment reprodu\u00efbles<\/p>\n\n\n\n<p><a href=\"https:\/\/emv.upc.edu\/index.php\/3-testar-i-validar\/\">Llegir n&#8217;he m\u00e9s &gt;<\/a><\/p>\n<\/div>\n\n\n\n<div class=\"wp-block-column is-layout-flow wp-block-column-is-layout-flow\">\n<figure class=\"wp-block-image\"><a href=\"https:\/\/emv.upc.edu\/index.php\/4-resultats-i-difusio\/\"><img decoding=\"async\" src=\"https:\/\/emv.upc.edu\/wp-content\/uploads\/2024\/01\/logo-fase-4.png\" alt=\"4. Resultats i difusi\u00f3\"\/><\/a><\/figure>\n\n\n\n<h3 class=\"wp-block-heading\">4. Resultats i difusi\u00f3<\/h3>\n\n\n\n<p>Concretar la proposta d&#8217;un nou model de treball per replicar les estrat\u00e8gies de ventilaci\u00f3 natural a la resta de centres educatius de la ciutat que sigui viable, i d&#8217;aportar les bases per qu\u00e8 les estrat\u00e8gies passives al voltant de la ventilaci\u00f3 natural com a soluci\u00f3 s&#8217;incorporen al futur Pla de Confort T\u00e8rmic, que el mateix Ajuntament de Barcelona t\u00e9 previst desenvolupar en el marc del Pla d&#8217;escoles Bressol.<\/p>\n\n\n\n<p><a href=\"https:\/\/emv.upc.edu\/index.php\/4-resultats-i-difusio\/\">Llegir n&#8217;he m\u00e9s &gt;<\/a><\/p>\n<\/div>\n<\/div>\n\n\n\n<div class=\"wp-block-columns is-layout-flex wp-container-core-columns-is-layout-9d6595d7 wp-block-columns-is-layout-flex\">\n<div class=\"wp-block-column is-layout-flow wp-block-column-is-layout-flow\" style=\"flex-basis:100%\">\n<p class=\"has-large-font-size\"><strong>Prop\u00f2sit del Projecte<\/strong><\/p>\n<\/div>\n<\/div>\n\n\n\n<p>El malestar t\u00e8rmic i els problemes de qualitat de l&#8217;aire en els centres d&#8217;ensenyament p\u00fablics de Barcelona preocupen cada vegada m\u00e9s a la comunitat educativa. Davant d\u2019aquesta situaci\u00f3, l\u2019Ajuntament de Barcelona promou el projecte E+V (Escoles + Ventilades), en el marc del desplegament del Pla Clima Barcelona.<\/p>\n\n\n\n<p>El projecte l\u2019impulsa un equip interdisciplinar liderat pel professor Fabian L\u00f3pez com a investigador principal de la UPC-ETSAV i format per doctors arquitectes, docents i equip investigador de la UPC, per representants del Consorci d&#8217;Educaci\u00f3 de Barcelona, i per equips d\u2019especialistes en salut, com ISGLobal; la cooperativa Societat Org\u00e0nica, especialistes en avaluaci\u00f3 del comportament energ\u00e8tic dels edificis i la cooperativa La Sembra, especialistes en processos participatius.<\/p>\n\n\n\n<p>Aquest projecte, neix de les experi\u00e8ncies pr\u00e8vies amb proves pilot i la implementaci\u00f3 de refugis clim\u00e0tics a les escoles de Barcelona i vol alhora aportar les bases d\u2019un pla de confort t\u00e8rmic alineat amb els objectius del Pla d\u2019Acci\u00f3 per l\u2019Emerg\u00e8ncia Clim\u00e0tica impulsat per l\u2019Ajuntament de Barcelona, i en particular en relaci\u00f3 amb l&#8217;efici\u00e8ncia en el consum de recursos i amb l&#8217;inter\u00e8s per garantir el confort t\u00e8rmic en els espais interiors dels edificis.<\/p>\n","protected":false},"excerpt":{"rendered":"<p>E + V Escoles m\u00e9s ventilades Amb el suport de l&#8217;Ajuntament de Barcelona 1. Aprendre, compendre i millora Aprendre de les experi\u00e8ncies ja realitzades per l&#8217;equip que desenvolupa E+V amb el suport del CEB en escoles p\u00fabliques de la ciutat, analitzant detalladament els encerts i errors de cara a poder extrapolar-les amb \u00e8xit. Llegir n&#8217;he<span class=\"post-excerpt-end\">&hellip;<\/span><\/p>\n<p class=\"more-link\"><a href=\"https:\/\/emv.upc.edu\/\" class=\"themebutton\">Read More<\/a><\/p>\n","protected":false},"author":2,"featured_media":0,"parent":0,"menu_order":0,"comment_status":"closed","ping_status":"closed","template":"","meta":{"footnotes":""},"class_list":["post-403","page","type-page","status-publish","hentry"],"yoast_head":"<!-- This site is optimized with the Yoast SEO plugin v22.9 - https:\/\/yoast.com\/wordpress\/plugins\/seo\/ -->\n<title>E + V - Escoles m\u00e9s ventilades -<\/title>\n<meta name=\"robots\" content=\"index, follow, max-snippet:-1, max-image-preview:large, max-video-preview:-1\" \/>\n<link rel=\"canonical\" href=\"https:\/\/emv.upc.edu\/\" \/>\n<meta property=\"og:locale\" content=\"en_US\" \/>\n<meta property=\"og:type\" content=\"article\" \/>\n<meta property=\"og:title\" content=\"E + V - Escoles m\u00e9s ventilades -\" \/>\n<meta property=\"og:description\" content=\"E + V Escoles m\u00e9s ventilades Amb el suport de l&#8217;Ajuntament de Barcelona 1. Aprendre, compendre i millora Aprendre de les experi\u00e8ncies ja realitzades per l&#8217;equip que desenvolupa E+V amb el suport del CEB en escoles p\u00fabliques de la ciutat, analitzant detalladament els encerts i errors de cara a poder extrapolar-les amb \u00e8xit. Llegir n&#8217;he&hellip;Read More\" \/>\n<meta property=\"og:url\" content=\"https:\/\/emv.upc.edu\/\" \/>\n<meta property=\"article:modified_time\" content=\"2026-02-06T13:10:58+00:00\" \/>\n<meta property=\"og:image\" content=\"https:\/\/emv.upc.edu\/wp-content\/uploads\/2024\/06\/1200px-Flag_of_Catalonia.svg-500x500-2.png\" \/>\n<meta name=\"twitter:card\" content=\"summary_large_image\" \/>\n<meta name=\"twitter:label1\" content=\"Est. reading time\" \/>\n\t<meta name=\"twitter:data1\" content=\"5 minutes\" \/>\n<script type=\"application\/ld+json\" class=\"yoast-schema-graph\">{\"@context\":\"https:\/\/schema.org\",\"@graph\":[{\"@type\":\"WebPage\",\"@id\":\"https:\/\/emv.upc.edu\/\",\"url\":\"https:\/\/emv.upc.edu\/\",\"name\":\"E + V - Escoles m\u00e9s ventilades -\",\"isPartOf\":{\"@id\":\"https:\/\/emv.upc.edu\/#website\"},\"primaryImageOfPage\":{\"@id\":\"https:\/\/emv.upc.edu\/#primaryimage\"},\"image\":{\"@id\":\"https:\/\/emv.upc.edu\/#primaryimage\"},\"thumbnailUrl\":\"https:\/\/emv.upc.edu\/wp-content\/uploads\/2024\/06\/1200px-Flag_of_Catalonia.svg-500x500-2.png\",\"datePublished\":\"2024-06-14T09:20:03+00:00\",\"dateModified\":\"2026-02-06T13:10:58+00:00\",\"breadcrumb\":{\"@id\":\"https:\/\/emv.upc.edu\/#breadcrumb\"},\"inLanguage\":\"en-US\",\"potentialAction\":[{\"@type\":\"ReadAction\",\"target\":[\"https:\/\/emv.upc.edu\/\"]}]},{\"@type\":\"ImageObject\",\"inLanguage\":\"en-US\",\"@id\":\"https:\/\/emv.upc.edu\/#primaryimage\",\"url\":\"https:\/\/emv.upc.edu\/wp-content\/uploads\/2024\/06\/1200px-Flag_of_Catalonia.svg-500x500-2.png\",\"contentUrl\":\"https:\/\/emv.upc.edu\/wp-content\/uploads\/2024\/06\/1200px-Flag_of_Catalonia.svg-500x500-2.png\",\"width\":500,\"height\":332},{\"@type\":\"BreadcrumbList\",\"@id\":\"https:\/\/emv.upc.edu\/#breadcrumb\",\"itemListElement\":[{\"@type\":\"ListItem\",\"position\":1,\"name\":\"Portada\",\"item\":\"https:\/\/emv.upc.edu\/\"},{\"@type\":\"ListItem\",\"position\":2,\"name\":\"E + V &#8211; Escoles m\u00e9s ventilades\"}]},{\"@type\":\"WebSite\",\"@id\":\"https:\/\/emv.upc.edu\/#website\",\"url\":\"https:\/\/emv.upc.edu\/\",\"name\":\"\",\"description\":\"\",\"potentialAction\":[{\"@type\":\"SearchAction\",\"target\":{\"@type\":\"EntryPoint\",\"urlTemplate\":\"https:\/\/emv.upc.edu\/?s={search_term_string}\"},\"query-input\":\"required name=search_term_string\"}],\"inLanguage\":\"en-US\"}]}<\/script>\n<!-- \/ Yoast SEO plugin. -->","yoast_head_json":{"title":"E + V - Escoles m\u00e9s ventilades -","robots":{"index":"index","follow":"follow","max-snippet":"max-snippet:-1","max-image-preview":"max-image-preview:large","max-video-preview":"max-video-preview:-1"},"canonical":"https:\/\/emv.upc.edu\/","og_locale":"en_US","og_type":"article","og_title":"E + V - Escoles m\u00e9s ventilades -","og_description":"E + V Escoles m\u00e9s ventilades Amb el suport de l&#8217;Ajuntament de Barcelona 1. Aprendre, compendre i millora Aprendre de les experi\u00e8ncies ja realitzades per l&#8217;equip que desenvolupa E+V amb el suport del CEB en escoles p\u00fabliques de la ciutat, analitzant detalladament els encerts i errors de cara a poder extrapolar-les amb \u00e8xit. Llegir n&#8217;he&hellip;Read More","og_url":"https:\/\/emv.upc.edu\/","article_modified_time":"2026-02-06T13:10:58+00:00","og_image":[{"url":"https:\/\/emv.upc.edu\/wp-content\/uploads\/2024\/06\/1200px-Flag_of_Catalonia.svg-500x500-2.png"}],"twitter_card":"summary_large_image","twitter_misc":{"Est. reading time":"5 minutes"},"schema":{"@context":"https:\/\/schema.org","@graph":[{"@type":"WebPage","@id":"https:\/\/emv.upc.edu\/","url":"https:\/\/emv.upc.edu\/","name":"E + V - Escoles m\u00e9s ventilades -","isPartOf":{"@id":"https:\/\/emv.upc.edu\/#website"},"primaryImageOfPage":{"@id":"https:\/\/emv.upc.edu\/#primaryimage"},"image":{"@id":"https:\/\/emv.upc.edu\/#primaryimage"},"thumbnailUrl":"https:\/\/emv.upc.edu\/wp-content\/uploads\/2024\/06\/1200px-Flag_of_Catalonia.svg-500x500-2.png","datePublished":"2024-06-14T09:20:03+00:00","dateModified":"2026-02-06T13:10:58+00:00","breadcrumb":{"@id":"https:\/\/emv.upc.edu\/#breadcrumb"},"inLanguage":"en-US","potentialAction":[{"@type":"ReadAction","target":["https:\/\/emv.upc.edu\/"]}]},{"@type":"ImageObject","inLanguage":"en-US","@id":"https:\/\/emv.upc.edu\/#primaryimage","url":"https:\/\/emv.upc.edu\/wp-content\/uploads\/2024\/06\/1200px-Flag_of_Catalonia.svg-500x500-2.png","contentUrl":"https:\/\/emv.upc.edu\/wp-content\/uploads\/2024\/06\/1200px-Flag_of_Catalonia.svg-500x500-2.png","width":500,"height":332},{"@type":"BreadcrumbList","@id":"https:\/\/emv.upc.edu\/#breadcrumb","itemListElement":[{"@type":"ListItem","position":1,"name":"Portada","item":"https:\/\/emv.upc.edu\/"},{"@type":"ListItem","position":2,"name":"E + V &#8211; Escoles m\u00e9s ventilades"}]},{"@type":"WebSite","@id":"https:\/\/emv.upc.edu\/#website","url":"https:\/\/emv.upc.edu\/","name":"","description":"","potentialAction":[{"@type":"SearchAction","target":{"@type":"EntryPoint","urlTemplate":"https:\/\/emv.upc.edu\/?s={search_term_string}"},"query-input":"required name=search_term_string"}],"inLanguage":"en-US"}]}},"_links":{"self":[{"href":"https:\/\/emv.upc.edu\/index.php\/wp-json\/wp\/v2\/pages\/403","targetHints":{"allow":["GET"]}}],"collection":[{"href":"https:\/\/emv.upc.edu\/index.php\/wp-json\/wp\/v2\/pages"}],"about":[{"href":"https:\/\/emv.upc.edu\/index.php\/wp-json\/wp\/v2\/types\/page"}],"author":[{"embeddable":true,"href":"https:\/\/emv.upc.edu\/index.php\/wp-json\/wp\/v2\/users\/2"}],"replies":[{"embeddable":true,"href":"https:\/\/emv.upc.edu\/index.php\/wp-json\/wp\/v2\/comments?post=403"}],"version-history":[{"count":64,"href":"https:\/\/emv.upc.edu\/index.php\/wp-json\/wp\/v2\/pages\/403\/revisions"}],"predecessor-version":[{"id":1258,"href":"https:\/\/emv.upc.edu\/index.php\/wp-json\/wp\/v2\/pages\/403\/revisions\/1258"}],"wp:attachment":[{"href":"https:\/\/emv.upc.edu\/index.php\/wp-json\/wp\/v2\/media?parent=403"}],"curies":[{"name":"wp","href":"https:\/\/api.w.org\/{rel}","templated":true}]}}